{"id":7238,"date":"2015-12-21T01:42:06","date_gmt":"2015-12-21T01:42:06","guid":{"rendered":"http:\/\/demo.thimpress.com\/eduma\/?post_type=lpr_course&#038;p=3138"},"modified":"2022-10-16T16:18:36","modified_gmt":"2022-10-16T19:18:36","slug":"la-redaccion-academica","status":"publish","type":"lp_course","link":"https:\/\/kubernetica.com\/academy\/cursos\/la-redaccion-academica\/","title":{"rendered":"La redacci\u00f3n acad\u00e9mica"},"content":{"rendered":"<p>Este curso tiene como principal objetivo capacitar en la planificaci\u00f3n, desarrollo y redacci\u00f3n de los tipos textuales que componen el \u00e1mbito acad\u00e9mico. El curso tendr\u00e1 una orientaci\u00f3n te\u00f3rico-pr\u00e1ctica, es decir, por un lado, se destinar\u00e1 a la discusi\u00f3n de conceptos y contenidos teor\u00e9ticos vinculados con la investigaci\u00f3n cient\u00edfico-acad\u00e9mica, el an\u00e1lisis del discurso y la gram\u00e1tica del texto; y, por otro, se orientar\u00e1 a la producci\u00f3n de textos de modo de abordar, mediante la pr\u00e1ctica, los aspectos discursivos, textuales y normativos asociados al uso de la lengua escrita en el \u00e1mbito acad\u00e9mico. De este modo, se busca que los asistentes puedan proceder al an\u00e1lisis y reconocimiento de las caracter\u00edsticas y especificidades de diferentes tipos de textos universitarios y, al mismo tiempo, que adquieran las competencias necesarias para la elaboraci\u00f3n coherente, cohesiva y adecuada de una amplia gama de escritos acad\u00e9micos. A partir del curso, el asistente podr\u00e1 desarrollar habilidades espec\u00edficas orientadas a la redacci\u00f3n acad\u00e9mica en niveles de producci\u00f3n como los que se exigen en un ambiente universitario, y ser\u00e1 capaz, a un tiempo, de otorgar rigor cient\u00edfico a sus textos acad\u00e9micos.<\/p>\n<ul>\n<li><strong>Modalidad:<\/strong> curso virtual<\/li>\n<li><strong>Duraci\u00f3n:<\/strong> 8 horas de clase, 2 horas de ejercitaci\u00f3n, 2 horas de material adicional.<\/li>\n<\/ul>\n<p><strong>Docente a cargo<\/strong><\/p>\n<p><a href=\"https:\/\/kubernetica.com\/academy\/nuestro-equipo\/santiago-koval\/\">Santiago Koval<\/a>. Doctorando en Ciencias Sociales (Universidad de Buenos Aires). Magister en Investigaci\u00f3n de Mercado y Data Mining (Alma Mater Studiorum \u2013 Universit\u00e0 di Bologna). Licenciado en Ciencias de la Comunicaci\u00f3n (Universidad de San Andr\u00e9s). Docente e investigador UBA\/UdeSA\/UnSaM\/UADE. Autor de <em>La condici\u00f3n poshumana: camino a la integraci\u00f3n hombre-m\u00e1quina en el cine y en la ciencia<\/em> (Editorial Cinema, 2008) y <em>Manual para la elaboraci\u00f3n de trabajos acad\u00e9micos. Investigar y redactar en el \u00e1mbito universitario<\/em> (Editorial Temas, 2011).<\/p>\n<p><strong>Objetivos&nbsp;<\/strong><\/p>\n<ul>\n<li>Conocer los fundamentos del saber y la producci\u00f3n de conocimiento en el \u00e1mbito acad\u00e9mico.<\/li>\n<li>Establecer una relaci\u00f3n conceptual entre el saber cient\u00edfico y la redacci\u00f3n de textos acad\u00e9micos.<\/li>\n<li>Identificar e internalizar las caracter\u00edsticas del enunciador cient\u00edfico-acad\u00e9mico.<\/li>\n<li>Desarrollar habilidades espec\u00edficas para la elaboraci\u00f3n de investigaciones y para la producci\u00f3n de textos universitarios.<\/li>\n<li>Incorporar las pautas formales, estil\u00edsticas y pros\u00f3dicas de los textos del g\u00e9nero acad\u00e9mico.<\/li>\n<\/ul>\n<p><strong>\u00bfA qui\u00e9n est\u00e1 dirigido?<\/strong><\/p>\n<p>El curso se dirige a todo estudiante, docente o investigador interesado en mejorar sus habilidades de redacci\u00f3n y expresi\u00f3n acad\u00e9micas.<\/p>\n<p><strong>\u00bfQu\u00e9 incluye?<\/strong><\/p>\n<ul>\n<li>8 horas de clases magistrales (pregrabadas).<\/li>\n<li>2 horas de contenidos pedag\u00f3gicos y lecturas te\u00f3ricas.<\/li>\n<li>2 horas de ejercitaciones, casos y ejemplos.<\/li>\n<li>Acceso a la comunidad educativa (foros, mensajes, etc.).<\/li>\n<li>Certificado de asistencia (diploma no oficial).<\/li>\n<\/ul>\n","protected":false},"excerpt":{"rendered":"<p>Este curso tiene como principal objetivo capacitar en la planificaci\u00f3n, desarrollo y redacci\u00f3n de los tipos textuales que componen el \u00e1mbito acad\u00e9mico.<\/p>\n","protected":false},"author":1,"featured_media":13520,"comment_status":"closed","ping_status":"closed","template":"","course_category":[],"course_tag":[],"class_list":["post-7238","lp_course","type-lp_course","status-publish","has-post-thumbnail","hentry","course"],"aioseo_notices":[],"_links":{"self":[{"href":"https:\/\/kubernetica.com\/academy\/wp-json\/wp\/v2\/lp_course\/7238","targetHints":{"allow":["GET"]}}],"collection":[{"href":"https:\/\/kubernetica.com\/academy\/wp-json\/wp\/v2\/lp_course"}],"about":[{"href":"https:\/\/kubernetica.com\/academy\/wp-json\/wp\/v2\/types\/lp_course"}],"author":[{"embeddable":true,"href":"https:\/\/kubernetica.com\/academy\/wp-json\/wp\/v2\/users\/1"}],"replies":[{"embeddable":true,"href":"https:\/\/kubernetica.com\/academy\/wp-json\/wp\/v2\/comments?post=7238"}],"version-history":[{"count":7,"href":"https:\/\/kubernetica.com\/academy\/wp-json\/wp\/v2\/lp_course\/7238\/revisions"}],"predecessor-version":[{"id":13858,"href":"https:\/\/kubernetica.com\/academy\/wp-json\/wp\/v2\/lp_course\/7238\/revisions\/13858"}],"wp:featuredmedia":[{"embeddable":true,"href":"https:\/\/kubernetica.com\/academy\/wp-json\/wp\/v2\/media\/13520"}],"wp:attachment":[{"href":"https:\/\/kubernetica.com\/academy\/wp-json\/wp\/v2\/media?parent=7238"}],"wp:term":[{"taxonomy":"course_category","embeddable":true,"href":"https:\/\/kubernetica.com\/academy\/wp-json\/wp\/v2\/course_category?post=7238"},{"taxonomy":"course_tag","embeddable":true,"href":"https:\/\/kubernetica.com\/academy\/wp-json\/wp\/v2\/course_tag?post=7238"}],"curies":[{"name":"wp","href":"https:\/\/api.w.org\/{rel}","templated":true}]}}